{"id":3220,"date":"2021-11-10T12:10:07","date_gmt":"2021-11-10T11:10:07","guid":{"rendered":"https:\/\/idis.conselldeivissa.es\/inclusion\/cans-dassistencia\/"},"modified":"2022-05-31T13:38:12","modified_gmt":"2022-05-31T11:38:12","slug":"perros-de-asistencia","status":"publish","type":"page","link":"https:\/\/idis.conselldeivissa.es\/es\/inclusion\/perros-de-asistencia\/","title":{"rendered":"Perros de asistencia"},"content":{"rendered":"[vc_row type=\u00bbin_container\u00bb full_screen_row_position=\u00bbmiddle\u00bb column_margin=\u00bbdefault\u00bb column_direction=\u00bbdefault\u00bb column_direction_tablet=\u00bbdefault\u00bb column_direction_phone=\u00bbdefault\u00bb scene_position=\u00bbcenter\u00bb text_color=\u00bbdark\u00bb text_align=\u00bbleft\u00bb row_border_radius=\u00bbnone\u00bb row_border_radius_applies=\u00bbbg\u00bb class=\u00bbmobile-reverse\u00bb overlay_strength=\u00bb0.3&#8243; gradient_direction=\u00bbleft_to_right\u00bb shape_divider_position=\u00bbbottom\u00bb bg_image_animation=\u00bbnone\u00bb shape_type=\u00bb\u00bb][vc_column column_padding=\u00bbno-extra-padding\u00bb column_padding_tablet=\u00bbinherit\u00bb column_padding_phone=\u00bbinherit\u00bb column_padding_position=\u00bball\u00bb column_element_spacing=\u00bbdefault\u00bb background_color_opacity=\u00bb1&#8243; background_hover_color_opacity=\u00bb1&#8243; column_shadow=\u00bbnone\u00bb column_border_radius=\u00bbnone\u00bb column_link_target=\u00bb_self\u00bb gradient_direction=\u00bbleft_to_right\u00bb overlay_strength=\u00bb0.3&#8243; width=\u00bb1\/2&#8243; tablet_width_inherit=\u00bbdefault\u00bb tablet_text_alignment=\u00bbdefault\u00bb phone_text_alignment=\u00bbdefault\u00bb bg_image_animation=\u00bbnone\u00bb border_type=\u00bbsimple\u00bb column_border_width=\u00bbnone\u00bb column_border_style=\u00bbsolid\u00bb][vc_custom_heading text=\u00bbServicio de evaluaci\u00f3n y de reconocimiento de la condici\u00f3n de perros de asistencia\u00bb font_container=\u00bbtag:h1|text_align:left\u00bb use_theme_fonts=\u00bbyes\u00bb css=\u00bb.vc_custom_1645124284968{padding-bottom: 30px !important;}\u00bb][vc_column_text css_animation=\u00bbfadeIn\u00bb]Servicio dirigido al reconocimiento de la condici\u00f3n de perros de asistencia, as\u00ed como otras funciones atribuidas en esta materia a los consejos insulares por la Ley 1\/2014, de 21 de febrero, de perros de asistencia.[\/vc_column_text][vc_column_text css_animation=\u00bbfadeIn\u00bb]Los destinatarios son personas con una discapacidad o enfermedad acreditada u oficialmente reconocida que sea auxiliada por perros de asistencia de conformidad con lo establecido en la Ley 1\/2014, de 21 de febrero, de perros de asistencia.<\/p>\n[\/vc_column_text][vc_column_text css_animation=\u00bbfadeIn\u00bb]Conciertos sociales: Se entiende por <em>concierto social<\/em> el instrumento mediante el cual se produce la prestaci\u00f3n de servicios sociales de responsabilidad p\u00fablica a trav\u00e9s de entidades en las que la financiaci\u00f3n, el acceso y el control sean p\u00fablicos:[\/vc_column_text][vc_column_text css_animation=\u00bbfadeIn\u00bb]<strong>1. Servicio de vivienda supervisado:<\/strong><\/p>\n<p>Servicio residencial de car\u00e1cter permanente para personas con discapacidad intelectual y\/o del desarrollo que necesitan supervisi\u00f3n y apoyo de diferente intensidad.<\/p>\n<p>Se organiza en viviendas ordinarias que constituyen el domicilio habitual de la persona. Los destinatarios son las personas a partir de 16 a\u00f1os con un grado de discapacidad del 33 % y con necesidad de apoyo extenso y generalizado (menores de 16 a\u00f1os en casos excepcionales).[\/vc_column_text][vc_column_text css_animation=\u00bbfadeIn\u00bb]<strong>2. Servicios de centro de d\u00eda:<br \/>\n<\/strong><\/p>\n<p>Servicio de atenci\u00f3n diurna que da una atenci\u00f3n integral a las personas con discapacidad con necesidades de apoyo extenso y generalizado en funci\u00f3n de las necesidades de cada persona y su tipo de discapacidad, para que puedan mejorar o mantener el mayor nivel de autonom\u00eda y bienestar, potenciar la inclusi\u00f3n y dar apoyo a las familias. Los destinatarios son personas con discapacidad intelectual y del desarrollo o personas con discapacidad f\u00edsica, a partir de 16 a\u00f1os (menores de 16 a\u00f1os en casos excepcionales), con un grado m\u00ednimo de discapacidad de un 65 % y necesidad de apoyo extenso y generalizado.<\/p>\n<p>De manera excepcional podr\u00e1n acceder al servicio personas con un grado de discapacidad inferior al 65 % y necesidad de apoyo extenso y generalizado con valoraci\u00f3n previa.[\/vc_column_text][vc_column_text css_animation=\u00bbfadeIn\u00bb]<strong>Prestaciones econ\u00f3micas de derecho de concurrencia para personas con discapacidad en el \u00e1mbito de la isla de Eivissa <\/strong><\/p>\n<p>Convocatoria con car\u00e1cter anual, que tiene por objeto otorgar las prestaciones econ\u00f3micas de derecho de concurrencia para personas con discapacidad f\u00edsica, ps\u00edquica o sensorial reconocida que sean residentes en la isla de Eivissa.[\/vc_column_text][vc_column_text css_animation=\u00bbfadeIn\u00bb]Estas prestaciones econ\u00f3micas tienen como finalidad atender la necesidad de hacer frente a tratamientos u otros gastos para la mejora f\u00edsica, ps\u00edquica y sensorial, as\u00ed como suplir o compensar las limitaciones y carencias funcionales, facilitando el desarrollo de la vida diaria, aumentando la calidad de vida y el bienestar social de los beneficiarios a quienes van destinadas cuando \u00e9stas no disponen de recursos econ\u00f3micos suficientes para hacer frente y no est\u00e1n en condiciones de conseguir o recibir de otras fuentes.[\/vc_column_text][vc_column_text css_animation=\u00bbfadeIn\u00bb]Pueden ser beneficiarios de las prestaciones econ\u00f3micas de derecho de concurrencia aquellas que, teniendo menos de 65 a\u00f1os, tienen reconocido un grado de discapacidad igual o superior al 33 %, o son beneficiarios de una pensi\u00f3n de la Seguridad Social por incapacidad permanente en grado de total, absoluta o gran invalidez, o son pensionistas de clases pasivas de jubilaci\u00f3n o retiro por incapacidad permanente para el servicio o inutilidad y que pueden acreditar una serie de requisitos en la fecha de presentaci\u00f3n de la solicitud (ver convocatoria).[\/vc_column_text][\/vc_column][vc_column column_padding=\u00bbpadding-5-percent\u00bb column_padding_tablet=\u00bbinherit\u00bb column_padding_phone=\u00bbinherit\u00bb column_padding_position=\u00bbleft\u00bb column_element_spacing=\u00bbdefault\u00bb background_color_opacity=\u00bb1&#8243; background_hover_color_opacity=\u00bb1&#8243; column_shadow=\u00bbnone\u00bb column_border_radius=\u00bbnone\u00bb column_link_target=\u00bb_self\u00bb el_class=\u00bbinforma-oficinas\u00bb gradient_direction=\u00bbleft_to_right\u00bb overlay_strength=\u00bb0.3&#8243; width=\u00bb1\/2&#8243; tablet_width_inherit=\u00bbdefault\u00bb tablet_text_alignment=\u00bbdefault\u00bb phone_text_alignment=\u00bbdefault\u00bb bg_image_animation=\u00bbnone\u00bb border_type=\u00bbsimple\u00bb column_border_width=\u00bbnone\u00bb column_border_style=\u00bbsolid\u00bb][image_with_animation image_url=\u00bb2242&#8243; animation=\u00bbFade In\u00bb hover_animation=\u00bbnone\u00bb alignment=\u00bb\u00bb border_radius=\u00bbnone\u00bb box_shadow=\u00bbnone\u00bb image_loading=\u00bbdefault\u00bb max_width=\u00bb100%\u00bb max_width_mobile=\u00bbdefault\u00bb][vc_custom_heading text=\u00bbSolicitud\u00bb css=\u00bb.vc_custom_1654000794159{padding-top: 40px !important;padding-bottom: 15px !important;}\u00bb][vc_raw_html]JTNDYSUyMGhyZWYlM0QlMjJodHRwcyUzQSUyRiUyRnNldS5jb25zZWxsZGVpdmlzc2EuZXMlMkZzdGElMkZSZWxlYyUyRkNhdGFsb2dEZXRhaWwlM0ZkYm9pZFJlcXVlc3QlM0Q2MjY5MDAyNzAyODI1NjU5MTA1MDQzJTI2YWN0aW9uJTNEbWFrZSUyNmRib2lkUHJvY2VkdXJlJTNENjI2MjYwMjcwMTY4MjE4MTMwNTA0MyUyNnVybEJhY2slMjIlMjB0YXJnZXQlM0QlMjJfYmxhbmslMjIlMjBjbGFzcyUzRCUyMmJ0bl9saWxhJTIyJTNFQmFzZXMlM0ElMjBCT0lCJTIwbnVtLiUyMDE1MSUyQyUyMGRlJTIwMTIlMkYxMiUyRjIwMTclM0MlMkZhJTNF[\/vc_raw_html][\/vc_column][\/vc_row]\n","protected":false},"excerpt":{"rendered":"<p>[vc_row type=\u00bbin_container\u00bb full_screen_row_position=\u00bbmiddle\u00bb column_margin=\u00bbdefault\u00bb column_direction=\u00bbdefault\u00bb column_direction_tablet=\u00bbdefault\u00bb column_direction_phone=\u00bbdefault\u00bb scene_position=\u00bbcenter\u00bb text_color=\u00bbdark\u00bb text_align=\u00bbleft\u00bb row_border_radius=\u00bbnone\u00bb row_border_radius_applies=\u00bbbg\u00bb class=\u00bbmobile-reverse\u00bb overlay_strength=\u00bb0.3&#8243; gradient_direction=\u00bbleft_to_right\u00bb shape_divider_position=\u00bbbottom\u00bb bg_image_animation=\u00bbnone\u00bb shape_type=\u00bb\u00bb][vc_column column_padding=\u00bbno-extra-padding\u00bb column_padding_tablet=\u00bbinherit\u00bb column_padding_phone=\u00bbinherit\u00bb column_padding_position=\u00bball\u00bb column_element_spacing=\u00bbdefault\u00bb background_color_opacity=\u00bb1&#8243; background_hover_color_opacity=\u00bb1&#8243; column_shadow=\u00bbnone\u00bb column_border_radius=\u00bbnone\u00bb column_link_target=\u00bb_self\u00bb gradient_direction=\u00bbleft_to_right\u00bb overlay_strength=\u00bb0.3&#8243;&#8230;<\/p>\n","protected":false},"author":5,"featured_media":0,"parent":3036,"menu_order":0,"comment_status":"closed","ping_status":"closed","template":"page-child.php","meta":{"footnotes":""},"tags":[],"class_list":["post-3220","page","type-page","status-publish"],"yoast_head":"<!-- This site is optimized with the Yoast SEO plugin v18.4.1 - https:\/\/yoast.com\/wordpress\/plugins\/seo\/ -->\n<title>Perros de asistencia - IDIS. Igualdad, Diversidad, Inclusi\u00f3n y Salud<\/title>\n<meta name=\"robots\" content=\"index, follow, max-snippet:-1, max-image-preview:large, max-video-preview:-1\" \/>\n<link rel=\"canonical\" href=\"https:\/\/idis.conselldeivissa.es\/es\/inclusion\/perros-de-asistencia\/\" \/>\n<meta property=\"og:locale\" content=\"es_ES\" \/>\n<meta property=\"og:type\" content=\"article\" \/>\n<meta property=\"og:title\" content=\"Perros de asistencia - IDIS. Igualdad, Diversidad, Inclusi\u00f3n y Salud\" \/>\n<meta property=\"og:description\" content=\"[vc_row type=\u00bbin_container\u00bb full_screen_row_position=\u00bbmiddle\u00bb column_margin=\u00bbdefault\u00bb column_direction=\u00bbdefault\u00bb column_direction_tablet=\u00bbdefault\u00bb column_direction_phone=\u00bbdefault\u00bb scene_position=\u00bbcenter\u00bb text_color=\u00bbdark\u00bb text_align=\u00bbleft\u00bb row_border_radius=\u00bbnone\u00bb row_border_radius_applies=\u00bbbg\u00bb class=\u00bbmobile-reverse\u00bb overlay_strength=\u00bb0.3&#8243; gradient_direction=\u00bbleft_to_right\u00bb shape_divider_position=\u00bbbottom\u00bb bg_image_animation=\u00bbnone\u00bb shape_type=\u00bb\u00bb][vc_column column_padding=\u00bbno-extra-padding\u00bb column_padding_tablet=\u00bbinherit\u00bb column_padding_phone=\u00bbinherit\u00bb column_padding_position=\u00bball\u00bb column_element_spacing=\u00bbdefault\u00bb background_color_opacity=\u00bb1&#8243; background_hover_color_opacity=\u00bb1&#8243; column_shadow=\u00bbnone\u00bb column_border_radius=\u00bbnone\u00bb column_link_target=\u00bb_self\u00bb gradient_direction=\u00bbleft_to_right\u00bb overlay_strength=\u00bb0.3&#8243;...\" \/>\n<meta property=\"og:url\" content=\"https:\/\/idis.conselldeivissa.es\/es\/inclusion\/perros-de-asistencia\/\" \/>\n<meta property=\"og:site_name\" content=\"IDIS. Igualdad, Diversidad, Inclusi\u00f3n y Salud\" \/>\n<meta property=\"article:modified_time\" content=\"2022-05-31T11:38:12+00:00\" \/>\n<meta name=\"twitter:card\" content=\"summary_large_image\" \/>\n<meta name=\"twitter:label1\" content=\"Tiempo de lectura\" \/>\n\t<meta name=\"twitter:data1\" content=\"3 minutos\" \/>\n<script type=\"application\/ld+json\" class=\"yoast-schema-graph\">{\"@context\":\"https:\/\/schema.org\",\"@graph\":[{\"@type\":\"WebSite\",\"@id\":\"https:\/\/idis.conselldeivissa.es\/#website\",\"url\":\"https:\/\/idis.conselldeivissa.es\/\",\"name\":\"IDIS. Igualdad, Diversidad, Inclusi\u00f3n y Salud\",\"description\":\"Consell Insular d&#039;Eivissa\",\"potentialAction\":[{\"@type\":\"SearchAction\",\"target\":{\"@type\":\"EntryPoint\",\"urlTemplate\":\"https:\/\/idis.conselldeivissa.es\/?s={search_term_string}\"},\"query-input\":\"required name=search_term_string\"}],\"inLanguage\":\"es\"},{\"@type\":\"WebPage\",\"@id\":\"https:\/\/idis.conselldeivissa.es\/es\/inclusion\/perros-de-asistencia\/#webpage\",\"url\":\"https:\/\/idis.conselldeivissa.es\/es\/inclusion\/perros-de-asistencia\/\",\"name\":\"Perros de asistencia - IDIS. Igualdad, Diversidad, Inclusi\u00f3n y Salud\",\"isPartOf\":{\"@id\":\"https:\/\/idis.conselldeivissa.es\/#website\"},\"datePublished\":\"2021-11-10T11:10:07+00:00\",\"dateModified\":\"2022-05-31T11:38:12+00:00\",\"breadcrumb\":{\"@id\":\"https:\/\/idis.conselldeivissa.es\/es\/inclusion\/perros-de-asistencia\/#breadcrumb\"},\"inLanguage\":\"es\",\"potentialAction\":[{\"@type\":\"ReadAction\",\"target\":[\"https:\/\/idis.conselldeivissa.es\/es\/inclusion\/perros-de-asistencia\/\"]}]},{\"@type\":\"BreadcrumbList\",\"@id\":\"https:\/\/idis.conselldeivissa.es\/es\/inclusion\/perros-de-asistencia\/#breadcrumb\",\"itemListElement\":[{\"@type\":\"ListItem\",\"position\":1,\"name\":\"Inici\",\"item\":\"https:\/\/idis.conselldeivissa.es\/es\/\"},{\"@type\":\"ListItem\",\"position\":2,\"name\":\"Inclusi\u00f3n\",\"item\":\"https:\/\/idis.conselldeivissa.es\/es\/inclusion\/\"},{\"@type\":\"ListItem\",\"position\":3,\"name\":\"Perros de asistencia\"}]}]}<\/script>\n<!-- \/ Yoast SEO plugin. -->","yoast_head_json":{"title":"Perros de asistencia - IDIS. Igualdad, Diversidad, Inclusi\u00f3n y Salud","robots":{"index":"index","follow":"follow","max-snippet":"max-snippet:-1","max-image-preview":"max-image-preview:large","max-video-preview":"max-video-preview:-1"},"canonical":"https:\/\/idis.conselldeivissa.es\/es\/inclusion\/perros-de-asistencia\/","og_locale":"es_ES","og_type":"article","og_title":"Perros de asistencia - IDIS. Igualdad, Diversidad, Inclusi\u00f3n y Salud","og_description":"[vc_row type=\u00bbin_container\u00bb full_screen_row_position=\u00bbmiddle\u00bb column_margin=\u00bbdefault\u00bb column_direction=\u00bbdefault\u00bb column_direction_tablet=\u00bbdefault\u00bb column_direction_phone=\u00bbdefault\u00bb scene_position=\u00bbcenter\u00bb text_color=\u00bbdark\u00bb text_align=\u00bbleft\u00bb row_border_radius=\u00bbnone\u00bb row_border_radius_applies=\u00bbbg\u00bb class=\u00bbmobile-reverse\u00bb overlay_strength=\u00bb0.3&#8243; gradient_direction=\u00bbleft_to_right\u00bb shape_divider_position=\u00bbbottom\u00bb bg_image_animation=\u00bbnone\u00bb shape_type=\u00bb\u00bb][vc_column column_padding=\u00bbno-extra-padding\u00bb column_padding_tablet=\u00bbinherit\u00bb column_padding_phone=\u00bbinherit\u00bb column_padding_position=\u00bball\u00bb column_element_spacing=\u00bbdefault\u00bb background_color_opacity=\u00bb1&#8243; background_hover_color_opacity=\u00bb1&#8243; column_shadow=\u00bbnone\u00bb column_border_radius=\u00bbnone\u00bb column_link_target=\u00bb_self\u00bb gradient_direction=\u00bbleft_to_right\u00bb overlay_strength=\u00bb0.3&#8243;...","og_url":"https:\/\/idis.conselldeivissa.es\/es\/inclusion\/perros-de-asistencia\/","og_site_name":"IDIS. Igualdad, Diversidad, Inclusi\u00f3n y Salud","article_modified_time":"2022-05-31T11:38:12+00:00","twitter_card":"summary_large_image","twitter_misc":{"Tiempo de lectura":"3 minutos"},"schema":{"@context":"https:\/\/schema.org","@graph":[{"@type":"WebSite","@id":"https:\/\/idis.conselldeivissa.es\/#website","url":"https:\/\/idis.conselldeivissa.es\/","name":"IDIS. Igualdad, Diversidad, Inclusi\u00f3n y Salud","description":"Consell Insular d&#039;Eivissa","potentialAction":[{"@type":"SearchAction","target":{"@type":"EntryPoint","urlTemplate":"https:\/\/idis.conselldeivissa.es\/?s={search_term_string}"},"query-input":"required name=search_term_string"}],"inLanguage":"es"},{"@type":"WebPage","@id":"https:\/\/idis.conselldeivissa.es\/es\/inclusion\/perros-de-asistencia\/#webpage","url":"https:\/\/idis.conselldeivissa.es\/es\/inclusion\/perros-de-asistencia\/","name":"Perros de asistencia - IDIS. Igualdad, Diversidad, Inclusi\u00f3n y Salud","isPartOf":{"@id":"https:\/\/idis.conselldeivissa.es\/#website"},"datePublished":"2021-11-10T11:10:07+00:00","dateModified":"2022-05-31T11:38:12+00:00","breadcrumb":{"@id":"https:\/\/idis.conselldeivissa.es\/es\/inclusion\/perros-de-asistencia\/#breadcrumb"},"inLanguage":"es","potentialAction":[{"@type":"ReadAction","target":["https:\/\/idis.conselldeivissa.es\/es\/inclusion\/perros-de-asistencia\/"]}]},{"@type":"BreadcrumbList","@id":"https:\/\/idis.conselldeivissa.es\/es\/inclusion\/perros-de-asistencia\/#breadcrumb","itemListElement":[{"@type":"ListItem","position":1,"name":"Inici","item":"https:\/\/idis.conselldeivissa.es\/es\/"},{"@type":"ListItem","position":2,"name":"Inclusi\u00f3n","item":"https:\/\/idis.conselldeivissa.es\/es\/inclusion\/"},{"@type":"ListItem","position":3,"name":"Perros de asistencia"}]}]}},"acf":[],"_links":{"self":[{"href":"https:\/\/idis.conselldeivissa.es\/es\/wp-json\/wp\/v2\/pages\/3220","targetHints":{"allow":["GET"]}}],"collection":[{"href":"https:\/\/idis.conselldeivissa.es\/es\/wp-json\/wp\/v2\/pages"}],"about":[{"href":"https:\/\/idis.conselldeivissa.es\/es\/wp-json\/wp\/v2\/types\/page"}],"author":[{"embeddable":true,"href":"https:\/\/idis.conselldeivissa.es\/es\/wp-json\/wp\/v2\/users\/5"}],"replies":[{"embeddable":true,"href":"https:\/\/idis.conselldeivissa.es\/es\/wp-json\/wp\/v2\/comments?post=3220"}],"version-history":[{"count":7,"href":"https:\/\/idis.conselldeivissa.es\/es\/wp-json\/wp\/v2\/pages\/3220\/revisions"}],"predecessor-version":[{"id":4253,"href":"https:\/\/idis.conselldeivissa.es\/es\/wp-json\/wp\/v2\/pages\/3220\/revisions\/4253"}],"up":[{"embeddable":true,"href":"https:\/\/idis.conselldeivissa.es\/es\/wp-json\/wp\/v2\/pages\/3036"}],"wp:attachment":[{"href":"https:\/\/idis.conselldeivissa.es\/es\/wp-json\/wp\/v2\/media?parent=3220"}],"wp:term":[{"taxonomy":"post_tag","embeddable":true,"href":"https:\/\/idis.conselldeivissa.es\/es\/wp-json\/wp\/v2\/tags?post=3220"}],"curies":[{"name":"wp","href":"https:\/\/api.w.org\/{rel}","templated":true}]}}